{"id":7479,"date":"2022-05-11T11:25:39","date_gmt":"2022-05-11T09:25:39","guid":{"rendered":"https:\/\/www.scharmuetzelseegrundschule.de\/?page_id=7479"},"modified":"2025-03-17T13:24:38","modified_gmt":"2025-03-17T11:24:38","slug":"fachbereiche","status":"publish","type":"page","link":"https:\/\/www.scharmuetzelseegrundschule.de\/?page_id=7479","title":{"rendered":"Fachbereiche"},"content":{"rendered":"\n<p>Die Fachbereiche stellen sich vor&#8230;<\/p>\n\n\n\n<p><strong>Deutsch<\/strong><\/p>\n\n\n\n<ul><li><strong>LRS-F\u00f6rderung<\/strong><br>(LRS=Lese-Rechtschreibschw\u00e4che)<br>Die LRS-F\u00f6rderung findet einmal w\u00f6chentlich f\u00fcr eine Schulstunden in den Jahrg\u00e4ngen 3-4 f\u00fcr einzelne Kinder statt. In dem Kurs werden Rechtschreibstrategien gezielt gef\u00f6rdert.<\/li><li><strong>Lesepaten und Lesepatinnen<\/strong><br>An unserer Schule arbeiten wir mit Lesepaten und Lesepatinnen zusammen. Sie kommen zu uns in die Schule und f\u00f6rdern die Lesekompetenz einzelner Kinder.<\/li><li><strong>Vorlesestunde in den Klassen 1-6<\/strong><br>Die Vorlesestunde findet zweimal im Schulhalbjahr in einer Schulstunde statt. Lehrkr\u00e4fte, Eltern und Sch\u00fclerinnen und Sch\u00fcler lesen aus einem selbstgew\u00e4hlten Buch vor. Die Sch\u00fclerinnen und Sch\u00fcler k\u00f6nnen je nach Interesse bei einem Buch zuh\u00f6ren. Bei einer der Vorlesestunden finden die Leseangebote in verschiedenen Sprachen statt. <\/li><li><strong>Vorlesewettbewerb der 6. Klassen<\/strong><br>Einmal im Jahr findet ein Vorlesewettbewerb der Jahrgangstufe 6 statt. Ausgew\u00e4hlte Sch\u00fclerinnen und Sch\u00fcler lesen aus einem Buch ihrer\/seiner Wahl und einem fremden Buch vor. Eine Jury bestehend aus Sch\u00fclerinnen und Sch\u00fclern, Lehrkr\u00e4ften und Eltern entscheidet, wer als Siegerin oder Sieger des Vorlesewettbewerbs hervorgeht. <\/li><li><strong>Autoren- und Autorinnenlesungen<\/strong><br>An unserer Schule werden verschiedene Autoren und Autorinnen eingeladen, um den Kindern aus ihren Kinder- und Jugendb\u00fcchern vorzulesen und den Prozess des Schreibens zu erl\u00e4utern und Fragen der Kinder zu beantworten.<\/li><li><strong>Teilnahme am<\/strong> <strong>Literaturfestival<\/strong><br>Einzelne Klassen nehmen die verschiedenen Angebote des j\u00e4hrlichen Literaturfestivals wahr.<\/li><li><strong>Rahmenlehrplan Deutsch<\/strong><br>Unter folgendem Link ist der Rahmenlehrplan Deutsch zu finden:<br><a href=\"https:\/\/bildungsserver.berlin-brandenburg.de\/fileadmin\/bbb\/unterricht\/rahmenlehrplaene\/Rahmenlehrplanprojekt\/amtliche_Fassung\/Teil_C_Deutsch_2015_11_10_WEB.pdf\">https:\/\/bildungsserver.berlin-brandenburg.de\/fileadmin\/bbb\/unterricht\/rahmenlehrplaene\/Rahmenlehrplanprojekt\/amtliche_Fassung\/Teil_C_Deutsch_2015_11_10_WEB.pdf<\/a><\/li><\/ul>\n\n\n\n<p><strong>Mathematik<\/strong><\/p>\n\n\n\n<ul><li><strong>Rechenf\u00f6rderung &#8222;Rechnen wirksam f\u00f6rdern&#8220;<\/strong><br>Das Rechenf\u00f6rderprojekt findet einmal w\u00f6chentlich f\u00fcr eine Schulstunde in den Jahrg\u00e4ngen 2-4 f\u00fcr einzelne Kinder statt. In dem Projekt werden die Basiskompetenzen Addieren, Subtrahieren, Multiplizieren und Dividieren handlungsorientiert gef\u00f6rdert.<\/li><li><strong>K\u00e4nguru-Wettbewerb<\/strong><br>Unsere Schule bietet den Sch\u00fclerinnen und Sch\u00fcler der 3.- 6. Klassen die frewillige Teilnahme am j\u00e4hrlichen K\u00e4nguru-Wettbewerb an. Bei dem internationalen Mathematik-Wettbewerb geht es um das Rechnen und L\u00f6sen von Knobelaufgaben, um die Freude an der Mathematik zu st\u00e4rken.<\/li><li><strong>Teilnahme bei &#8222;Mathe im Advent&#8220;<\/strong><br>Einzelne Klassen nehmen an dem j\u00e4hrlichen Online-Adventskalender teil. Es k\u00f6nnen sich einzelne Sch\u00fclerinnen und Sch\u00fcler oder die ganze Klasse zu &#8222;Mathe im Advent&#8220; anmelden. <\/li><li><strong>Fachraum Mathematik<\/strong><br>In unserem Fachraum Mathematik stehen verschiedene Materialkisten zu den einzelnen Themengebieten zur Verf\u00fcgung, mit denen Mathematik handlungsorientiert erforscht und vermittelt wird.<\/li><li><strong>Rahmenlehrplan Mathematik<\/strong><br>Unter folgendem Link ist der Rahmenlehrplan Mathematik zu finden: <br><a href=\"https:\/\/bildungsserver.berlin-brandenburg.de\/fileadmin\/bbb\/unterricht\/rahmenlehrplaene\/Rahmenlehrplanprojekt\/amtliche_Fassung\/Teil_C_Mathematik_2015_11_10_WEB.pdf\">https:\/\/bildungsserver.berlin-brandenburg.de\/fileadmin\/bbb\/unterricht\/rahmenlehrplaene\/Rahmenlehrplanprojekt\/amtliche_Fassung\/Teil_C_Mathematik_2015_11_10_WEB.pdf<\/a><\/li><\/ul>\n\n\n\n<p><strong>Sachunterricht<\/strong><\/p>\n\n\n\n<ul><li><strong>Besuch der Gartenarbeitsschule<br><\/strong>In der Schulanfangsphase finden regelm\u00e4\u00dfige Besuche der Gartenarbeitsschule statt<strong>.<\/strong><\/li><li><strong>Besuch der Jugendverkehrsschule<\/strong><br>In der 4. Jahrgangsstufe besuchen die Sch\u00fclerinnen und Schuler regelm\u00e4\u00dfig die Jugendverkehrsschule zur Vorbereitung auf die praktische Radfahrpr\u00fcfung.<\/li><li><strong>Pflege des Klassenbeets<\/strong><br>Jede Klasse pflegt \u00fcber das Schuljahr hinweg das eigene Klassenbeet. In diesem Rahmen findet im Herbst und im Fr\u00fchling ein Projekttag dazu statt.<\/li><li><strong>Rahmenlehrplan Sachunterricht<\/strong><br>Unter folgendem Link ist der Rahmenlehrplan Sachunterricht zu finden: <br><a href=\"https:\/\/bildungsserver.berlin-brandenburg.de\/fileadmin\/bbb\/unterricht\/rahmenlehrplaene\/Rahmenlehrplanprojekt\/amtliche_Fassung\/Teil_C_Sachunterricht_2015_11_16_web.pdf\">https:\/\/bildungsserver.berlin-brandenburg.de\/fileadmin\/bbb\/unterricht\/rahmenlehrplaene\/Rahmenlehrplanprojekt\/amtliche_Fassung\/Teil_C_Sachunterricht_2015_11_16_web.pdf<\/a><\/li><\/ul>\n\n\n\n<p><strong>Moderne Fremdsprachen<\/strong><\/p>\n\n\n\n<ul><li>Ab der 3. Klasse lernen die Sch\u00fclerinnen und Sch\u00fcler eine Fremdsprache. Sie k\u00f6nnen w\u00e4hlen zwischen Englisch oder Franz\u00f6sisch. <\/li><li><strong>Rahmenlehrplan Moderne Fremdsprachen<\/strong><br>Unter folgendem Link ist der Rahmenlehrplan zu den Modernen Fremdsprachen zu finden: <br><a href=\"https:\/\/bildungsserver.berlin-brandenburg.de\/fileadmin\/bbb\/unterricht\/rahmenlehrplaene\/Rahmenlehrplanprojekt\/amtliche_Fassung\/Teil_C_Mod_Fremdsprachen_2015_11_16_web.pdf\">https:\/\/bildungsserver.berlin-brandenburg.de\/fileadmin\/bbb\/unterricht\/rahmenlehrplaene\/Rahmenlehrplanprojekt\/amtliche_Fassung\/Teil_C_Mod_Fremdsprachen_2015_11_16_web.pdf<\/a><\/li><\/ul>\n\n\n\n<p><strong>Englisch<\/strong><\/p>\n\n\n\n<ul><li><strong>Kinobesuch<\/strong><br>Die 5. und 6. Klassen besuchen j\u00e4hrlich einen englischsprachigen Kinofilm.<\/li><li><strong>Fachbereich Englisch<\/strong><br>Unter folgendem Link sind noch weitere Informationen zum Fachbereich Englisch zu finden: <br><a href=\"https:\/\/www.scharmuetzelseegrundschule.de\/?page_id=5967\" data-type=\"page\" data-id=\"5967\">Englisch<\/a><\/li><\/ul>\n\n\n\n<p><strong>Franz\u00f6sisch<\/strong><\/p>\n\n\n\n<ul><li><strong>Kinobesuch<\/strong><br>Die 5. und 6. Klassen besuchen j\u00e4hrlich einen franz\u00f6sischsprachigen Kinofilm<\/li><li><strong>Frankreichfahrt<\/strong><br>Die Sch\u00fclerinnen und Sch\u00fcler der 4.\/5.\/6. Klassen d\u00fcrfen an einer Frankreichfahrt teilnehmen.<\/li><li><strong>Franz\u00f6sische Kultur<\/strong><br>Franz\u00f6sische Feste wie beispielsweise &#8222;La galette des rois \u2013 der Dreik\u00f6nigskuchen&#8220; werden im Unterricht aufgegriffen und praktisch umgesetzt. <\/li><li>DELF-Diplom (dipl\u00f4me d\u2019\u00e9tudes en langue fran\u00e7aise)<br>Die Sch\u00fclerinnen und Sch\u00fcler legen das DELF-Diplom ab. <\/li><li><strong>Fachbereich Franz\u00f6sisch <\/strong><br>Unter folgendem Link sind noch weitere Informationen zum Fachbereich Franz\u00f6sisch zu finden: <br><a href=\"https:\/\/www.scharmuetzelseegrundschule.de\/?page_id=6468\" data-type=\"page\" data-id=\"6468\">Franz\u00f6sisch<\/a><br><\/li><\/ul>\n\n\n\n<p><strong>Naturwissenschaften (Nawi)<\/strong><br><\/p>\n\n\n\n<ul><li>Der Nawiunterricht findet ab der 5. Klasse statt.<\/li><li><strong>Experimente<\/strong><br>Experimente zu den einzelnen Themenbereiche<\/li><li><strong>Exkursionen<\/strong><br>Exkursionen zu au\u00dferschulischen Lernorten wie Sch\u00fcleruni, \u00d6kowerk, Planetarium etc.<\/li><li><strong>Fachraum Nawi<\/strong><br>In unserem Fachraum Nawi stehen verschiedene Versuchsmaterialien und Materialkisten zu den einzelnen Themengebieten zur Verf\u00fcgung, mit denen das Fach handlungsorientiert und entdeckend vermittelt wird. Im Nawiraum steht ein Smartboard zur Verf\u00fcgung, so dass <strong>Inhalte digital veranschaulicht werden k\u00f6nnen. <\/strong><\/li><li><strong>Rahmenlehrplan Naturwissenschaften<\/strong><br>Unter folgendem Link ist der Rahmenlehrplan Naturwissenschaften zu finden: <br><a href=\"https:\/\/bildungsserver.berlin-brandenburg.de\/fileadmin\/bbb\/unterricht\/rahmenlehrplaene\/Rahmenlehrplanprojekt\/amtliche_Fassung\/Teil_C_Nawi_5-6_2015_11_16_web.pdf\" data-type=\"URL\" data-id=\"https:\/\/bildungsserver.berlin-brandenburg.de\/fileadmin\/bbb\/unterricht\/rahmenlehrplaene\/Rahmenlehrplanprojekt\/amtliche_Fassung\/Teil_C_Nawi_5-6_2015_11_16_web.pdf\">https:\/\/bildungsserver.berlin-brandenburg.de\/fileadmin\/bbb\/unterricht\/rahmenlehrplaene\/Rahmenlehrplanprojekt\/amtliche_Fassung\/Teil_C_Nawi_5-6_2015_11_16_web.pdf<\/a><br><\/li><\/ul>\n\n\n\n<p><strong>Gesellschaftswissenschaften<\/strong> <strong>(Gewi)<\/strong><br><\/p>\n\n\n\n<ul><li>Der Gewiunterricht findet ab der 5. Klasse statt.<\/li><li><strong>Exkursionen<\/strong><br>Exkursionen zu au\u00dferschulischen Lernorten wie \u00c4gyptisches Museum, Anne Frank Museum etc.<\/li><li><strong>Rahmenlehrplan Gesellschaftswissenschaften<\/strong><br>Unter folgendem Link ist der Rahmenlehrplan Gesellschaftswissenschaften zu finden:<br><a href=\"https:\/\/bildungsserver.berlin-brandenburg.de\/fileadmin\/bbb\/unterricht\/rahmenlehrplaene\/Rahmenlehrplanprojekt\/amtliche_Fassung\/Teil_C_Gesellschaftswissenschaften_2015_11_10_WEB.pdf\">https:\/\/bildungsserver.berlin-brandenburg.de\/fileadmin\/bbb\/unterricht\/rahmenlehrplaene\/Rahmenlehrplanprojekt\/amtliche_Fassung\/Teil_C_Gesellschaftswissenschaften_2015_11_10_WEB.pdf<\/a><\/li><\/ul>\n\n\n\n<p><strong>Sport<\/strong><\/p>\n\n\n\n<ul><li><strong>Sportbetonung und Fachbereich Sport<\/strong><br>Unter folgendem Link sind Informationen zur Sportbetonung und zum Fachbereich Sport zu finden:<br><a href=\"https:\/\/www.scharmuetzelseegrundschule.de\/?page_id=7483\" data-type=\"page\" data-id=\"7483\">Sportbetonung<\/a><br><a href=\"https:\/\/www.scharmuetzelseegrundschule.de\/?page_id=7525\" data-type=\"page\" data-id=\"7525\">Fachbereich Sport<\/a><\/li><li><strong>Rahmenlehrplan Sport<\/strong><br>Unter folgendem Link ist der Rahmenlehrplan Sport zu finden:<br><a href=\"https:\/\/bildungsserver.berlin-brandenburg.de\/fileadmin\/bbb\/unterricht\/rahmenlehrplaene\/Rahmenlehrplanprojekt\/amtliche_Fassung\/Teil_C_Sport_2015_11_16_web.pdf\">https:\/\/bildungsserver.berlin-brandenburg.de\/fileadmin\/bbb\/unterricht\/rahmenlehrplaene\/Rahmenlehrplanprojekt\/amtliche_Fassung\/Teil_C_Sport_2015_11_16_web.pdf<\/a><\/li><\/ul>\n\n\n\n<p><strong>Bildende Kunst<\/strong><\/p>\n\n\n\n<ul><li><strong>Exkursionen<\/strong><br>Regelm\u00e4\u00dfige Besuche der Jugendkunstschule in Sch\u00f6neberg (JuKS)<\/li><li><strong>Kunst-Kaffee-Kuchen<\/strong><br>Ein dreit\u00e4giges Kunstprojekt zu einem zuvor festgelegten Thema mit einer anschlie\u00dfenden Ausstellung der Kunstwerke<\/li><li><strong>Fachraum Bildende Kunst<\/strong><br>In unserem Fachraum Bildende Kunst gibt es verschiedene Materialien und Werkzeuge mit denen die Sch\u00fclerinnen und Sch\u00fcler kreativ arbeiten k\u00f6nnen. <\/li><li><strong>Rahmenlehrplan Bildende Kunst<\/strong><br>Unter folgendem Link ist der Rahmenlehrplan Bildende Kunst zu finden:<br><a href=\"https:\/\/bildungsserver.berlin-brandenburg.de\/fileadmin\/bbb\/unterricht\/rahmenlehrplaene\/Rahmenlehrplanprojekt\/amtliche_Fassung\/Teil_C_Kunst_2015_11_10_WEB.pdf\">https:\/\/bildungsserver.berlin-brandenburg.de\/fileadmin\/bbb\/unterricht\/rahmenlehrplaene\/Rahmenlehrplanprojekt\/amtliche_Fassung\/Teil_C_Kunst_2015_11_10_WEB.pdf<\/a><\/li><\/ul>\n\n\n\n<p><strong>Musik<\/strong><\/p>\n\n\n\n<ul><li><strong>Adventssingen<\/strong><br>In der Adventszeit findet jeden Montag zu Beginn der 1. Stunde ein gemeinsames Singen und Muszieren von Weihnachtsliedern in Begleitung von Elena Marx statt.<\/li><li><strong>Musikklasse pro Jahrgang<\/strong><br>In jeder Jahrgangsstufe gibt es eine &#8222;Musikklasse&#8220;, in der der Musikunterricht neben der Lehrkraft von Frau Elena Marx unterst\u00fctzt und geleitet wird. <\/li><li><strong>Aula und Fachraum Musik<\/strong><br>In unserem Fachraum Musik gibt es viele verschiedene Musikinstrumente, die von den Kindern unter Anleitung der Lehrkraft genutzt und ausprobiert werden.  <br>In der Aula finden die Auff\u00fchrungen und Konzerte statt, sowie einzelne Musikstunden und Musikprojekte. <\/li><li>Unter folgendem Link sind noch weitere Informationen zum Fachbereich Musik zu finden:<br><a href=\"https:\/\/www.scharmuetzelseegrundschule.de\/?page_id=7494\" data-type=\"page\" data-id=\"7494\">Musikbegeisterung<\/a><\/li><li><strong>Rahmenlehrplan Musik<\/strong><br>Unter folgendem Link ist der Rahmenlehrplan Musik zu finden:<br><a href=\"https:\/\/bildungsserver.berlin-brandenburg.de\/fileadmin\/bbb\/unterricht\/rahmenlehrplaene\/Rahmenlehrplanprojekt\/amtliche_Fassung\/Teil_C_Musik_2015_11_16_web.pdf\">https:\/\/bildungsserver.berlin-brandenburg.de\/fileadmin\/bbb\/unterricht\/rahmenlehrplaene\/Rahmenlehrplanprojekt\/amtliche_Fassung\/Teil_C_Musik_2015_11_16_web.pdf<\/a><\/li><\/ul>\n\n\n\n<div class=\"wp-block-columns\">\n<div class=\"wp-block-column\">\n<figure class=\"wp-block-image size-full\"><a href=\"https:\/\/www.scharmuetzelseegrundschule.de\/wp-content\/uploads\/2021\/09\/Djemben2.jpg\"><img loading=\"lazy\" width=\"716\" height=\"955\" src=\"https:\/\/www.scharmuetzelseegrundschule.de\/wp-content\/uploads\/2021\/09\/Djemben2.jpg\" alt=\"\" class=\"wp-image-6854\" srcset=\"https:\/\/www.scharmuetzelseegrundschule.de\/wp-content\/uploads\/2021\/09\/Djemben2.jpg 716w, https:\/\/www.scharmuetzelseegrundschule.de\/wp-content\/uploads\/2021\/09\/Djemben2-225x300.jpg 225w\" sizes=\"(max-width: 716px) 100vw, 716px\" \/><\/a><\/figure>\n<\/div>\n\n\n\n<div class=\"wp-block-column\">\n<figure class=\"wp-block-image size-large\"><a href=\"https:\/\/www.scharmuetzelseegrundschule.de\/wp-content\/uploads\/2022\/06\/signal-2022-05-10-18-24-20-337-2.jpg\"><img loading=\"lazy\" width=\"824\" height=\"1024\" src=\"https:\/\/www.scharmuetzelseegrundschule.de\/wp-content\/uploads\/2022\/06\/signal-2022-05-10-18-24-20-337-2-824x1024.jpg\" alt=\"\" class=\"wp-image-7859\" srcset=\"https:\/\/www.scharmuetzelseegrundschule.de\/wp-content\/uploads\/2022\/06\/signal-2022-05-10-18-24-20-337-2-824x1024.jpg 824w, https:\/\/www.scharmuetzelseegrundschule.de\/wp-content\/uploads\/2022\/06\/signal-2022-05-10-18-24-20-337-2-241x300.jpg 241w, https:\/\/www.scharmuetzelseegrundschule.de\/wp-content\/uploads\/2022\/06\/signal-2022-05-10-18-24-20-337-2-768x955.jpg 768w, https:\/\/www.scharmuetzelseegrundschule.de\/wp-content\/uploads\/2022\/06\/signal-2022-05-10-18-24-20-337-2-1235x1536.jpg 1235w, https:\/\/www.scharmuetzelseegrundschule.de\/wp-content\/uploads\/2022\/06\/signal-2022-05-10-18-24-20-337-2.jpg 1647w\" sizes=\"(max-width: 824px) 100vw, 824px\" \/><\/a><\/figure>\n<\/div>\n\n\n\n<div class=\"wp-block-column\">\n<figure class=\"wp-block-image size-large\"><a href=\"https:\/\/www.scharmuetzelseegrundschule.de\/wp-content\/uploads\/2022\/06\/signal-2022-05-10-18-26-48-831-2.jpg\"><img loading=\"lazy\" width=\"768\" height=\"1024\" src=\"https:\/\/www.scharmuetzelseegrundschule.de\/wp-content\/uploads\/2022\/06\/signal-2022-05-10-18-26-48-831-2-768x1024.jpg\" alt=\"\" class=\"wp-image-7862\" srcset=\"https:\/\/www.scharmuetzelseegrundschule.de\/wp-content\/uploads\/2022\/06\/signal-2022-05-10-18-26-48-831-2-768x1024.jpg 768w, https:\/\/www.scharmuetzelseegrundschule.de\/wp-content\/uploads\/2022\/06\/signal-2022-05-10-18-26-48-831-2-225x300.jpg 225w, https:\/\/www.scharmuetzelseegrundschule.de\/wp-content\/uploads\/2022\/06\/signal-2022-05-10-18-26-48-831-2-1152x1536.jpg 1152w, https:\/\/www.scharmuetzelseegrundschule.de\/wp-content\/uploads\/2022\/06\/signal-2022-05-10-18-26-48-831-2.jpg 1536w\" sizes=\"(max-width: 768px) 100vw, 768px\" \/><\/a><\/figure>\n<\/div>\n<\/div>\n\n\n\n<p><strong>WUV-Kurse<\/strong> <br>,,WUV&#8220;  bedeutet Wahlunterricht verpflichtend und findet nur f\u00fcr die Sch\u00fclerinnen und Sch\u00fcler der 5. und 6. Klasse statt. (Stand: 16.09.2022)<\/p>\n\n\n\n<p><\/p>\n","protected":false},"excerpt":{"rendered":"<p>Die Fachbereiche stellen sich vor&#8230; Deutsch LRS-F\u00f6rderung(LRS=Lese-Rechtschreibschw\u00e4che)Die LRS-F\u00f6rderung findet einmal w\u00f6chentlich f\u00fcr eine Schulstunden in den Jahrg\u00e4ngen 3-4 f\u00fcr einzelne Kinder statt. In dem Kurs werden Rechtschreibstrategien gezielt gef\u00f6rdert. Lesepaten und LesepatinnenAn unserer Schule arbeiten wir mit Lesepaten und Lesepatinnen &hellip; <a href=\"https:\/\/www.scharmuetzelseegrundschule.de\/?page_id=7479\">Weiterlesen <span class=\"meta-nav\">&rarr;<\/span><\/a><\/p>\n","protected":false},"author":15,"featured_media":0,"parent":0,"menu_order":0,"comment_status":"closed","ping_status":"closed","template":"","meta":{"ngg_post_thumbnail":0},"_links":{"self":[{"href":"https:\/\/www.scharmuetzelseegrundschule.de\/index.php?rest_route=\/wp\/v2\/pages\/7479"}],"collection":[{"href":"https:\/\/www.scharmuetzelseegrundschule.de\/index.php?rest_route=\/wp\/v2\/pages"}],"about":[{"href":"https:\/\/www.scharmuetzelseegrundschule.de\/index.php?rest_route=\/wp\/v2\/types\/page"}],"author":[{"embeddable":true,"href":"https:\/\/www.scharmuetzelseegrundschule.de\/index.php?rest_route=\/wp\/v2\/users\/15"}],"replies":[{"embeddable":true,"href":"https:\/\/www.scharmuetzelseegrundschule.de\/index.php?rest_route=%2Fwp%2Fv2%2Fcomments&post=7479"}],"version-history":[{"count":21,"href":"https:\/\/www.scharmuetzelseegrundschule.de\/index.php?rest_route=\/wp\/v2\/pages\/7479\/revisions"}],"predecessor-version":[{"id":9537,"href":"https:\/\/www.scharmuetzelseegrundschule.de\/index.php?rest_route=\/wp\/v2\/pages\/7479\/revisions\/9537"}],"wp:attachment":[{"href":"https:\/\/www.scharmuetzelseegrundschule.de\/index.php?rest_route=%2Fwp%2Fv2%2Fmedia&parent=7479"}],"curies":[{"name":"wp","href":"https:\/\/api.w.org\/{rel}","templated":true}]}}